{"id":2337,"date":"2024-12-19T21:04:30","date_gmt":"2024-12-19T20:04:30","guid":{"rendered":"https:\/\/gppb.eu\/?page_id=2337"},"modified":"2025-08-31T21:51:08","modified_gmt":"2025-08-31T19:51:08","slug":"gppb-2025-regulamin-w-parku","status":"publish","type":"page","link":"https:\/\/gppb.eu\/index.php\/gppb-2025-regulamin-w-parku\/","title":{"rendered":"GPPB 2025 Regulamin zawod\u00f3w w parku"},"content":{"rendered":"\t\t<div data-elementor-type=\"wp-page\" data-elementor-id=\"2337\" class=\"elementor elementor-2337\">\n\t\t\t\t\t\t<section class=\"elementor-section elementor-top-section elementor-element elementor-element-67a98f8 elementor-section-boxed elementor-section-height-default elementor-section-height-default\" data-id=\"67a98f8\" data-element_type=\"section\" data-e-type=\"section\">\n\t\t\t\t\t\t<div class=\"elementor-container elementor-column-gap-default\">\n\t\t\t\t\t<div class=\"elementor-column elementor-col-100 elementor-top-column elementor-element elementor-element-14496acc\" data-id=\"14496acc\" data-element_type=\"column\" data-e-type=\"column\">\n\t\t\t<div class=\"elementor-widget-wrap elementor-element-populated\">\n\t\t\t\t\t\t<div class=\"elementor-element elementor-element-512d404d elementor-widget elementor-widget-text-editor\" data-id=\"512d404d\" data-element_type=\"widget\" data-e-type=\"widget\" data-widget_type=\"text-editor.default\">\n\t\t\t\t<div class=\"elementor-widget-container\">\n\t\t\t\t\t\t\t\t\t\n<p><strong>I. ORGANIZATOR<\/strong><\/p>\n\n<ol class=\"wp-block-list\">\n<li>Organizatorem cyklu zawod\u00f3w sportowych pod nazw\u0105 &#8222;<strong>Gliwicka Parkowa Prowokacja Biegowa&#8221;<\/strong> jest Amatorski Klub Mi\u0142o\u015bnik\u00f3w Biegania \u201eP\u0119dziwiatr\u201d Gliwice dzia\u0142aj\u0105cy przy Stowarzyszeniu Rozwoju Czechowic w Gliwicach (NIP 969-11-65-552). Dane organizatora znajduj\u0105 si\u0119 na stronie internetowej <a href=\"http:\/\/www.pedziwiatr.gliwice.pl\">www.pedziwiatr.gliwice.pl<\/a> oraz <a href=\"http:\/\/www.czechowicer.eu\">www.czechowicer.eu<\/a><\/li>\n\n<li>Oficjaln\u0105 stron\u0105 internetow\u0105 zawod\u00f3w jest <a href=\"http:\/\/www.gppb.eu\">www.gppb.eu<\/a><\/li>\n\n<li>Szeryfem cyklu zawod\u00f3w jest Andrzej Szelka, e-mail: biuro@gppb.eu<\/li>\n<\/ol>\n\n<p><strong>II. CEL<\/strong><\/p>\n\n<p>Gliwicka Parkowa Prowokacja Biegowa organizowana jest w celu popularyzacji systematycznego i zdrowego sp\u0119dzania wolnego czasu na \u015bwie\u017cym powietrzu. Has\u0142em imprezy jest:<\/p>\n\n<p><strong><em>&#8222;Daj si\u0119 sprowokowa\u0107 do walki z lenistwem!&#8221;<\/em><\/strong><em>.<\/em><\/p>\n\n<p><strong>III. KONKURENCJE<\/strong><\/p>\n\n<ol class=\"wp-block-list\">\n<li>Bieg<\/li>\n\n<li>Nordic Walking<\/li>\n<\/ol>\n\n<p><strong>IV.\u00a0TERMIN<\/strong><\/p>\n\n<ol class=\"wp-block-list\">\n<li>Cykl sk\u0142ada si\u0119 z 12 zawod\u00f3w, kt\u00f3re odbywa\u0107 si\u0119 b\u0119d\u0105 w 2025 roku, raz w miesi\u0105cu, w sobot\u0119, w dniach:\n<ul class=\"wp-block-list\">\n<li>25 stycznia<\/li>\n\n<li>22 lutego<\/li>\n\n<li>29 marca<\/li>\n\n<li>26 kwietnia<\/li>\n\n<li>31 maja<\/li>\n\n<li>28 czerwca<\/li>\n\n<li>26 lipca<\/li>\n\n<li>30 sierpnia<\/li>\n\n<li>27 wrze\u015bnia<\/li>\n\n<li>25 pa\u017adziernika<\/li>\n\n<li>29 listopada<\/li>\n\n<li>13 grudnia<\/li>\n<\/ul>\n<\/li>\n\n<li>Start zawod\u00f3w w parku nast\u0105pi o godzinie:\n<ul class=\"wp-block-list\">\n<li>10:00 \u2013bieg<\/li>\n\n<li>10:05 \u2013nordic walking<\/li>\n<\/ul>\n<\/li>\n\n<li>W<strong> czasie obowi\u0105zywania zakazu organizowania zawod\u00f3w sportowych mo\u017cna bra\u0107 udzia\u0142 tylko w e-Prowokacji<\/strong> i w\u00f3wczas zawody w parku nie b\u0119d\u0105 organizowane<\/li>\n\n<li>Przed ka\u017cdymi zawodami na stronie www.gppb.eu b\u0119dzie podana informacja o mo\u017cliwo\u015bci startu w parku.<\/li>\n<\/ol>\n\n<p><strong>V. MIEJSCE<\/strong><\/p>\n\n<ol class=\"wp-block-list\">\n<li>Zawody w terenie b\u0119d\u0105 rozgrywane w Gliwicach, w lesie komunalnym, wjazd od ulicy Le\u015bnej, brama B. Biuro zawod\u00f3w b\u0119dzie zlokalizowane na polanie ko\u0142o stadionu Piasta. <a href=\"https:\/\/www.google.com\/maps\/d\/edit?mid=1g0IlhXHuS14t5jrH170eolKoBKP5iEM&amp;usp=sharing\">Plan<\/a>.<\/li>\n\n<li>Trasa jednego okr\u0105\u017cenia biegu i Nordic Walking ma d\u0142ugo\u015b\u0107 4219,5 metra. Trasa nie posiada atestu i nie b\u0119dzie wy\u0142\u0105czona z ruchu os\u00f3b postronnych. Trasa przebiega g\u0142\u00f3wnie po duktach le\u015bnych i szutrowych oraz cz\u0119\u015bciowo asfaltem.<\/li>\n<\/ol>\n\n<p><strong>V. PUNKTY OD\u015aWIE\u017bANIA I KONTROLNE<\/strong><\/p>\n\n<ol class=\"wp-block-list\">\n<li>Na linii startu\/mety b\u0119dzie punkt od\u015bwie\u017cania zaopatrzony w napoje, b\u0119dzie on dost\u0119pny po ka\u017cdym okr\u0105\u017ceniu.<\/li>\n\n<li>Kontrola czasu b\u0119dzie nast\u0119powa\u0142a po ka\u017cdym okr\u0105\u017ceniu na linii startu\/mety.<\/li>\n<\/ol>\n\n<p><strong>VI. UCZESTNICTWO<\/strong><\/p>\n\n<ol class=\"wp-block-list\">\n<li>Zawody s\u0105 og\u00f3lnodost\u0119pne.<\/li>\n\n<li>Ze wzgl\u0119du na warunki terenowe nie dopuszcza si\u0119 uczestnictwa os\u00f3b na w\u00f3zkach inwalidzkich.<\/li>\n\n<li>Biuro zawod\u00f3w b\u0119dzie znajdowa\u0142o si\u0119 w Lesie Komunalnym, na polanie ko\u0142o stadionu Piasta i b\u0119dzie otwarte w dniu zawod\u00f3w od 9:00.<\/li>\n\n<li>Zapisy nowych uczestnik\u00f3w b\u0119d\u0105 przyjmowane przez Internet (ca\u0142y rok, <a href=\"https:\/\/my.raceresult.com\/321113\/registration\">https:\/\/my.raceresult.com\/321113\/registration<\/a>) oraz w biurze zawod\u00f3w (w dniach i godzinach zawod\u00f3w).<\/li>\n\n<li><strong>Zapisy obowi\u0105zuj\u0105 tylko podczas pierwszego startu w sezonie <\/strong>\u00a0i dla jednej konkurencji.<\/li>\n\n<li>Start tego samego zawodnika w innej konkurencji wymaga ponownego z\u0142o\u017cenia karty zg\u0142oszenia i skutkuje otrzymaniem nowego numeru startowego przypisanego do danej konkurencji.<\/li>\n\n<li><strong>Zawodnicy startuj\u0105cy kolejny raz<\/strong> w tym samym sezonie i w tej samej konkurencji zg\u0142aszaj\u0105 si\u0119 po sw\u00f3j sta\u0142y numer startowy w Biurze Zawod\u00f3w bez wype\u0142niania karty zg\u0142oszenia, z dokumentem to\u017csamo\u015bci.<\/li>\n\n<li>Zawodnicy, kt\u00f3rzy sw\u00f3j pierwszy start op\u0142ac\u0105 do 7 dni przed zawodami, otrzymaj\u0105 numer startowy z wydrukowanym imieniem. Pozostali zawodnicy otrzymaj\u0105 podczas pierwszych zawod\u00f3w numer tymczasowy, kt\u00f3ry od nast\u0119pnych zawod\u00f3w zostanie zamieniony na numer sta\u0142y z wydrukowanym imieniem.<\/li>\n\n<li>Nowe numery imienne nie b\u0119d\u0105 drukowane na zawody listopadowe i grudniowe.<\/li>\n\n<li>Numer startowy nale\u017cy odbiera\u0107 osobi\u015bcie. Nie mo\u017cna odbiera\u0107 numeru startowego w imieniu innej osoby.<\/li>\n\n<li>Numer startowy sta\u0142y jest przypisany do zawodnika na ca\u0142y sezon. Numer startowy, zar\u00f3wno tymczasowy jak i sta\u0142y, nale\u017cy odda\u0107 w Biurze Zawod\u00f3w po przybyciu na met\u0119.<\/li>\n\n<li>Zawodnicy poni\u017cej 15-go roku \u017cycia sk\u0142adaj\u0105 zg\u0142oszenie w obecno\u015bci prawnego opiekuna i za jego pisemn\u0105 zgod\u0105.<\/li>\n\n<li>Decyzje s\u0142u\u017cby medycznej dotycz\u0105ce kontynuowania zawod\u00f3w s\u0105 ostateczne.<\/li>\n\n<li>Dystans zawod\u00f3w: od 1 do 5 okr\u0105\u017ce\u0144, czyli od 4,2195 km (1\/10 maratonu) do 21,0975 km (p\u00f3\u0142maraton).<\/li>\n\n<li>Limit czasowy: 3 godziny, niezale\u017cnie od konkurencji i dystansu.<\/li>\n\n<li>Na mecie zawodnik otrzyma \u017cywno\u015bciowy pakiet regeneracyjny. Pakiety b\u0119d\u0105 wydawane tylko za zwrotem numeru startowego, za wyj\u0105tkiem grudnia.<\/li>\n\n<li>Po zawodach grudniowych zawodnik mo\u017ce zatrzyma\u0107 numer startowy na pami\u0105tk\u0119.<\/li>\n\n<li>Ze wzgl\u0119d\u00f3w epidemiologicznych wydawanie pakiet\u00f3w regeneracyjnych mo\u017ce by\u0107 ograniczone lub zawieszone.<\/li>\n<\/ol>\n\n<p><strong>VII. BEZPIECZE\u0143STWO<\/strong><\/p>\n\n<ol class=\"wp-block-list\">\n<li>Nad bezpiecze\u0144stwem zdrowotnym zawodnik\u00f3w b\u0119dzie czuwa\u0142a ekipa ratownik\u00f3w przedmedycznych, kt\u00f3rych baza b\u0119dzie znajdowa\u0142a si\u0119 na terenie biura zawod\u00f3w.<\/li>\n\n<li>W razie wypadku na trasie nale\u017cy dzwoni\u0107 na numer alarmowy organizatora wydrukowany na ka\u017cdym numerze startowym: <strong>662 613 110<\/strong>.<\/li>\n\n<li>Nad bezpiecze\u0144stwem og\u00f3lnym zawod\u00f3w b\u0119dzie czuwa\u0142a Stra\u017c Miejska i Policja.<\/li>\n<\/ol>\n\n<p><strong>VIII. KLASYFIKACJE<\/strong><\/p>\n\n<p>Indywidualne<\/p>\n\n<ol class=\"wp-block-list\">\n<li>Do klasyfikacji zaliczane b\u0119d\u0105 tylko pe\u0142ne okr\u0105\u017cenia (jedno, dwa, trzy, cztery lub pi\u0119\u0107). Do zaliczenia zawod\u00f3w zawodnik musi pokona\u0107 co najmniej jedno okr\u0105\u017cenie (4,2195 km).<\/li>\n\n<li><strong>Podczas ka\u017cdych zawod\u00f3w<\/strong> na ka\u017cdym dystansie b\u0119d\u0105 prowadzone nast\u0119puj\u0105ce klasyfikacje:\n<ol class=\"wp-block-list\">\n<li>generalna<\/li>\n\n<li>generalna kobiet i generalna m\u0119\u017cczyzn<\/li>\n\n<li>wiekowe:\n<ol class=\"wp-block-list\">\n<li>K01, M01 2025-2016<\/li>\n\n<li>K10, M10 2015-2006<\/li>\n\n<li>K20, M20 2005-1996<\/li>\n\n<li>K30, M30 1995-1986<\/li>\n\n<li>K40, M40 1985-1976<\/li>\n\n<li>K50, M50 1975-1966<\/li>\n\n<li>K60, M60 1965-1956<\/li>\n\n<li>K70, M70 1955-1946<\/li>\n\n<li>K80, M80 1945-1936<\/li>\n\n<li>K90, M90 1935-1926<\/li>\n<\/ol>\n<\/li>\n\n<li>klasyfikacje sponsorowane<\/li>\n<\/ol>\n<\/li>\n\n<li><strong>Dla ca\u0142ego sezonu<\/strong> Gliwickiej Parkowej Prowokacji Biegowej prowadzona b\u0119dzie klasyfikacja <strong>WYTRWALI<\/strong>\u00a0-bez wzgl\u0119du na wiek, p\u0142e\u0107 i konkurencj\u0119, w kt\u00f3rej kolejno\u015b\u0107 ustalana b\u0119dzie na podstawie liczby zaliczonych odcink\u00f3w (zawod\u00f3w) w obu konkurencjach (sumuj\u0105 si\u0119 starty w biegu i w Nordic Walking)<\/li>\n\n<li>Podstaw\u0105 klasyfikacji b\u0119dzie elektroniczny pomiar czasu i liczby okr\u0105\u017ce\u0144.<\/li>\n\n<li>Wyniki ka\u017cdych zawod\u00f3w oraz ca\u0142ego cyklu b\u0119d\u0105 zamieszczane na stronie internetowej www.gppb.eu.<\/li>\n<\/ol>\n\n<p>Dru\u017cynowe<\/p>\n\n<ol class=\"wp-block-list\">\n<li>Identyfikacja dru\u017cyn:<br \/>Klasyfikacja dru\u017cynowa b\u0119dzie tworzona na podstawie warto\u015bci wpisanej w polu &#8222;Klub&#8221; podczas rejestracji indywidualnej zawodnika . Aby zawodnicy zostali zaliczeni do tej samej dru\u017cyny, musz\u0105 mie\u0107 wpisan\u0105 IDENTYCZN\u0104 nazw\u0119 klubu. Organizator zastrzega sobie prawo do korekty w przypadku liter\u00f3wek.<\/li>\n\n<li>Ma\u0142a klasyfikacja miesi\u0119czna:<br \/>Po ka\u017cdych zawodach b\u0119dzie tworzona miesi\u0119czna klasyfikacja dru\u017cynowa, oparta na liczbie zawodnik\u00f3w z ka\u017cdej dru\u017cyny, kt\u00f3rzy wzi\u0119li udzia\u0142 w zawodach w danym miesi\u0105cu (zar\u00f3wno w parku, jak i w e-Prowokacji). W przypadku remisu decyduj\u0105ce b\u0119d\u0105 kolejno:\n<ol class=\"wp-block-list\">\n<li>liczba okr\u0105\u017ce\u0144 pokonanych przez zawodnik\u00f3w danej dru\u017cyny (uwzgl\u0119dniaj\u0105ca tylko okr\u0105\u017cenia pokonane podczas GPPB w parku),<\/li>\n\n<li>suma czas\u00f3w wszystkich okr\u0105\u017ce\u0144 (uwzgl\u0119dniaj\u0105ca tylko okr\u0105\u017cenia pokonane podczas GPPB w parku).<\/li>\n<\/ol>\n<\/li>\n<\/ol>\n\n<p>W klasyfikacji miesi\u0119cznej punkty b\u0119d\u0105 przyznawane w nast\u0119puj\u0105cy spos\u00f3b:<br \/>1. miejsce: 10 punkt\u00f3w,<br \/>2. miejsce: 9 punkt\u00f3w,<br \/>\u2026<br \/>9. miejsce: 2 punkty.<br \/>Pozosta\u0142e dru\u017cyny kt\u00f3re wystawi\u0105 przynajmniej jednego zawodnika w danym miesi\u0105cu<br \/>otrzymuj\u0105 1 punkt.<\/p>\n\n<ol class=\"wp-block-list\" start=\"3\">\n<li>Klasyfikacja generalna na koniec roku:<br \/>Klasyfikacja generalna b\u0119dzie obliczana jako suma punkt\u00f3w zdobytych przez dru\u017cyny w klasyfikacjach miesi\u0119cznych. W przypadku remisu decyduj\u0105ce b\u0119d\u0105 kolejno:\n<ol class=\"wp-block-list\">\n<li>liczba miesi\u0119cy, w kt\u00f3rych dru\u017cyna zdoby\u0142a punkty,<\/li>\n\n<li>liczba okr\u0105\u017ce\u0144 pokonanych przez zawodnik\u00f3w danej dru\u017cyny w ci\u0105gu roku (uwzgl\u0119dniaj\u0105ca tylko okr\u0105\u017cenia pokonane podczas GPPB w parku),<\/li>\n\n<li>suma czas\u00f3w wszystkich okr\u0105\u017ce\u0144 (uwzgl\u0119dniaj\u0105ca tylko okr\u0105\u017cenia pokonane podczas GPPB w parku).<\/li>\n<\/ol>\n<\/li>\n\n<li>Minimalne wymagania dla dru\u017cyn:<br \/>W klasyfikacji generalnej zostan\u0105 uwzgl\u0119dnione wy\u0142\u0105cznie dru\u017cyny, kt\u00f3re:\n<ol class=\"wp-block-list\">\n<li>w ci\u0105gu ca\u0142ego roku wystawi\u0105 co najmniej 6 r\u00f3\u017cnych zawodnik\u00f3w,<\/li>\n\n<li>zostan\u0105 sklasyfikowane w klasyfikacjach miesi\u0119cznych przynajmniej 6 razy.<\/li>\n<\/ol>\n<\/li>\n\n<li>Nagrody:<br \/>Pierwsze trzy dru\u017cyny w klasyfikacji generalnej otrzymaj\u0105 puchary, kt\u00f3re zostan\u0105 wr\u0119czone podczas uroczystej gali na Balu Zwyci\u0119zc\u00f3w.<\/li>\n<\/ol>\n\n<p><strong>IX. OP\u0141ATY<\/strong><\/p>\n\n<ol class=\"wp-block-list\">\n<li>Op\u0142ata startowa w ka\u017cdych zawodach, niezale\u017cnie od konkurencji, wynosi:\n<ol class=\"wp-block-list\">\n<li>zawodnicy z rocznik\u00f3w 2006-2025:\u00a0 15 z\u0142 za ka\u017cdy start<\/li>\n\n<li>zawodnicy z rocznik\u00f3w 1926-1955:\u00a0 20 z\u0142 za ka\u017cdy start<\/li>\n\n<li>zawodnicy z rocznik\u00f3w 1956-2005:\u00a0 35 z\u0142 za ka\u017cdy start<\/li>\n\n<li>op\u0142aty b\u0119d\u0105 przyjmowane tylko przelewem; mo\u017cna op\u0142aca\u0107 awansem dowoln\u0105 ilo\u015b\u0107 start\u00f3w.<\/li>\n\n<li>op\u0142aty niewykorzystane przechodz\u0105 na kolejne zawody a\u017c do grudnia w\u0142\u0105cznie<\/li>\n\n<li>niewykorzystane w 2025 roku nadp\u0142aty nie podlegaj\u0105 zwrotowi, ani przeniesieniu na kolejny rok.<\/li>\n<\/ol>\n<\/li>\n\n<li>Op\u0142aty mog\u0105 si\u0119 zmieni\u0107 w trakcie roku, np. z powodu inflacji.<\/li>\n\n<li>Ka\u017cdy uczestnik, kt\u00f3ry do 12 stycznia 2025 roku w\u0142\u0105cznie op\u0142aci jednorazowo wszystkie 12 start\u00f3w otrzyma bezp\u0142atnie koszulk\u0119 Prowokacji 2025 z w\u0142asnym imieniem.\u00a0 Link do wp\u0142at na ca\u0142y rok: <a href=\"https:\/\/zrzutka.pl\/2tysp9\">Zrzutka<\/a><\/li>\n\n<li>Linki do <a href=\"https:\/\/gppb.eu\/index.php\/gppb-2025-oplaty\/\">wp\u0142at za jeden start<\/a>.<\/li>\n\n<li>Reklamacje op\u0142at i rozwi\u0105zywanie problem\u00f3w z p\u0142atno\u015bci\u0105 internetow\u0105 nale\u017cy zg\u0142asza\u0107 pisemnie na adres oplaty@gppb.eu<\/li>\n<\/ol>\n\n<p><strong>X. NAGRODY<\/strong><\/p>\n\n<ol class=\"wp-block-list\">\n<li>Zawodnicy, kt\u00f3rzy uko\u0144cz\u0105 przynajmniej<strong> 1<\/strong> zawody cyklu otrzymaj\u0105 mo\u017cliwo\u015b\u0107 samodzielnego wydruku dyplomu ze strony internetowej.<\/li>\n\n<li>Zawodnicy, kt\u00f3rzy uko\u0144cz\u0105 przynajmniej <strong>9 <\/strong>zawod\u00f3w cyklu otrzymaj\u0105 mo\u017cliwo\u015b\u0107 wydruku dyplomu i statuetk\u0119 w kolorze br\u0105zu.<\/li>\n\n<li>Zawodnicy, kt\u00f3rzy uko\u0144cz\u0105 <strong>11 <\/strong>lub<strong> 10 <\/strong>zawod\u00f3w cyklu otrzymaj\u0105 mo\u017cliwo\u015b\u0107 wydruku dyplomu i statuetk\u0119 w kolorze srebrnym.<\/li>\n\n<li>Zawodnicy, kt\u00f3rzy uko\u0144cz\u0105 wszystkie <strong>12<\/strong> zawod\u00f3w cyklu otrzymaj\u0105 mo\u017cliwo\u015b\u0107 wydruku dyplomu, statuetk\u0119 w kolorze z\u0142otym i upominek.<\/li>\n\n<li>Nagrody b\u0119d\u0105 wr\u0119czane na Balu Zwyci\u0119zc\u00f3w. Nagrody mo\u017cna b\u0119dzie odebra\u0107 r\u00f3wnie\u017c w innym terminie i miejscu, po uzgodnieniu z organizatorem GPPB.<\/li>\n\n<li>Organizator zastrzega sobie prawo do ustanowienia dodatkowych nagr\u00f3d na ustalonych przez siebie warunkach.<\/li>\n<\/ol>\n\n<p><strong>XI. BAL ZWYCI\u0118ZC\u00d3W<\/strong><\/p>\n\n<ol class=\"wp-block-list\">\n<li>Termin i miejsce balu zostan\u0105 podane w p\u00f3\u017aniejszym terminie -s\u0105 zale\u017cne od sytuacji epidemiologicznej.<\/li>\n\n<li>W balu mo\u017ce bezp\u0142atnie wzi\u0105\u0107 udzia\u0142 wraz z jedn\u0105 osob\u0105 towarzysz\u0105c\u0105 ka\u017cdy kto w 2025 roku wzi\u0105\u0142 udzia\u0142 chocia\u017c raz w zawodach (ma zaliczone chocia\u017c jedno okr\u0105\u017cenie).<\/li>\n\n<li>Organizator zapewnia uczestnikom balu:\n<ol class=\"wp-block-list\">\n<li>obecno\u015b\u0107 przy wr\u0119czaniu statuetek i nagr\u00f3d<\/li>\n\n<li>kaw\u0119, herbat\u0119<\/li>\n\n<li>dyskotek\u0119 przy muzyce na \u017cywo<\/li>\n\n<li>inne atrakcje w miar\u0119 hojno\u015bci sponsor\u00f3w<\/li>\n<\/ol>\n<\/li>\n\n<li>Inne napoje i potrawy uczestnicy balu organizuj\u0105 we w\u0142asnym zakresie.<\/li>\n\n<li>Bal Zwyci\u0119zc\u00f3w mo\u017ce zosta\u0107 odwo\u0142any ze wzgl\u0119du na przepisy epidemiologiczne lub z innych wa\u017cnych przyczyn.<\/li>\n<\/ol>\n\n<p><strong>XII. OCHRONA DANYCH OSOBOWYCH<\/strong><\/p>\n\n<ol class=\"wp-block-list\">\n<li>Dane osobowe uczestnik\u00f3w b\u0119d\u0105 przetwarzane zgodnie z obowi\u0105zuj\u0105cymi przepisami, w szczeg\u00f3lno\u015bci z Rozporz\u0105dzeniem Parlamentu Europejskiego i Rady (UE) 2016\/679 z dnia 27 kwietnia 2016 r. w sprawie ochrony os\u00f3b fizycznych w zwi\u0105zku z przetwarzaniem danych osobowych i w sprawie swobodnego przep\u0142ywu takich danych oraz uchylenia dyrektywy 95\/46\/WE (og\u00f3lne rozporz\u0105dzenie o ochronie danych).<\/li>\n\n<li>Przetwarzanie danych, o kt\u00f3rym mowa w punkcie XII. 1. obejmuje r\u00f3wnie\u017c publikacj\u0119: imienia, nazwiska, roku urodzenia, nazwy miejscowo\u015bci i nazwy klubu.<\/li>\n\n<li>Szczeg\u00f3\u0142owe informacje dotycz\u0105ce przetwarzania danych osobowych zawarte s\u0105 w za\u0142\u0105czniku numer 1 do niniejszego regulaminu.<\/li>\n<\/ol>\n\n<p><strong>XIII. POSTANOWIENIA KO\u0143COWE<\/strong><\/p>\n\n<ol class=\"wp-block-list\">\n<li>Podczas zawod\u00f3w wszyscy zawodnicy musz\u0105 mie\u0107 numery startowe przymocowane do przedniej cz\u0119\u015bci ubra\u0144 startowych. <strong>Zas\u0142anianie numeru startowego w cz\u0119\u015bci lub w ca\u0142o\u015bci b\u0105d\u017a jego modyfikacja utrudniaj\u0105ca identyfikacj\u0119 zawodnika mo\u017ce spowodowa\u0107 sklasyfikowanie uczestnika zawod\u00f3w na ostatnim miejscu lub jego nieklasyfikowanie.<\/strong><\/li>\n\n<li>Ka\u017cdy zawodnik mo\u017ce startowa\u0107 tylko z jednym, w\u0142asnym numerem startowym, pod gro\u017ab\u0105 dyskwalifikacji.<\/li>\n\n<li>Zawodnicy bior\u0105 udzia\u0142 w zawodach na w\u0142asn\u0105 odpowiedzialno\u015b\u0107. Zg\u0142oszenie do zawod\u00f3w jest jednoznaczne z o\u015bwiadczeniem o stanie zdrowia pozwalaj\u0105cym na udzia\u0142 w tych\u017ce zawodach.<\/li>\n\n<li>Zg\u0142oszenie do zawod\u00f3w oznacza wyra\u017cenie zgody na przetwarzanie danych osobowych podanych w formularzu rejestracyjnym dla potrzeb realizacji procesu rejestracji, prezentacji list startowych i wynik\u00f3w zawod\u00f3w oraz do wykorzystania wizerunku dla potrzeb zwi\u0105zanych z organizacj\u0105 i promocj\u0105 imprezy zgodnie z ustaw\u0105 z dnia 28 sierpnia 1997 r. o ochronie danych osobowych (tekst jednolity: Dz. U. z 2002 r. Nr 101 poz. 926 z p\u00f3\u017an. zm.). Podanie danych osobowych jest dobrowolne, ale r\u00f3wnie\u017c niezb\u0119dne do udzia\u0142u w zawodach, a ka\u017cdy zawodnik ma prawo dost\u0119pu do tre\u015bci swoich danych oraz \u017c\u0105dania ich poprawienia.<\/li>\n\n<li>W okolicy biura zawod\u00f3w b\u0119d\u0105 dost\u0119pne namioty-przebieralnie, depozyt oraz ubikacja. Organizator nie zapewnia umywalni ani natrysk\u00f3w.<\/li>\n\n<li>Zawody b\u0119d\u0105 odbywa\u0142y si\u0119 bez wzgl\u0119du na warunki atmosferyczne. W szczeg\u00f3lnych przypadkach zawody mog\u0105 zosta\u0107 odwo\u0142ane lub prze\u0142o\u017cone ze wzgl\u0119du na bezpiecze\u0144stwo uczestnik\u00f3w.<\/li>\n\n<li>Gliwicka Parkowa Prowokacja Biegowa jest imprez\u0105 ubezpieczon\u0105 na zasadach og\u00f3lnych. Ubezpieczenie indywidualne na wypadek kontuzji lub innego nieszcz\u0119\u015bliwego zdarzenia, kt\u00f3re mo\u017ce sta\u0107 si\u0119 udzia\u0142em zawodnika w czasie zawod\u00f3w wymaga osobnej polisy wykupionej indywidualnie przez uczestnika.<\/li>\n\n<li>Uczestnicy zawod\u00f3w s\u0105 obowi\u0105zani do przestrzegania przepis\u00f3w obowi\u0105zuj\u0105cych na terenie lasu komunalnego Chorzowska-Szymanowskiego w Gliwicach, zwanego te\u017c Parkiem Kultury i Wypoczynku, kt\u00f3rego zarz\u0105dc\u0105 jest MZUK Gliwice.<br \/>Przepisy te s\u0105 opublikowane na tablicach ustawionych w lesie.<\/li>\n\n<li>Reklamacje mo\u017cna sk\u0142ada\u0107, w nieprzekraczalnym terminie 7 dni od og\u0142oszenia wynik\u00f3w zawod\u00f3w, na r\u0119ce szefa zawod\u00f3w:\n<ol class=\"wp-block-list\">\n<li>w trakcie zawod\u00f3w<\/li>\n\n<li>e-mailem: biuro@gppb.eu<\/li>\n\n<li>sms-em: tel. 662 613 110<\/li>\n\n<li>jako wiadomo\u015b\u0107 na Facebooku.<\/li>\n\n<li>jako wiadomo\u015b\u0107 na stronie rejestracyjnej<\/li>\n<\/ol>\n<\/li>\n\n<li>Wi\u0105\u017c\u0105ca i ostateczna interpretacja niniejszego regulaminu przys\u0142uguje wy\u0142\u0105cznie organizatorowi Gliwickiej Parkowej Prowokacji Biegowej.<\/li>\n<\/ol>\n\n<p>Gliwice, 10 grudnia 2024 r.<\/p>\n\n<p class=\"has-text-align-center\">Andrzej Szelka<\/p>\n\n<p class=\"has-text-align-center\">szeryf<\/p>\n\n<p class=\"has-text-align-center\"><strong>Gliwickiej<\/strong> <strong>Parkowej<\/strong><strong> Prowokacji<\/strong> <strong>Biegowej<\/strong><\/p>\n\n<p>\u00a0<\/p>\n\t\t\t\t\t\t\t\t<\/div>\n\t\t\t\t<\/div>\n\t\t\t\t\t<\/div>\n\t\t<\/div>\n\t\t\t\t\t<\/div>\n\t\t<\/section>\n\t\t\t\t<\/div>\n\t\t","protected":false},"excerpt":{"rendered":"<p>I. ORGANIZATOR II. CEL Gliwicka Parkowa Prowokacja Biegowa organizowana jest w celu popularyzacji systematycznego i zdrowego sp\u0119dzania wolnego czasu na \u015bwie\u017cym powietrzu. Has\u0142em imprezy jest: &#8222;Daj si\u0119 sprowokowa\u0107 do walki z lenistwem!&#8221;. III. KONKURENCJE IV.\u00a0TERMIN V. MIEJSCE V. PUNKTY OD\u015aWIE\u017bANIA I KONTROLNE VI. UCZESTNICTWO VII. BEZPIECZE\u0143STWO VIII. KLASYFIKACJE Indywidualne Dru\u017cynowe W klasyfikacji miesi\u0119cznej punkty b\u0119d\u0105 [&hellip;]<\/p>\n","protected":false},"author":1,"featured_media":0,"parent":0,"menu_order":0,"comment_status":"closed","ping_status":"closed","template":"","meta":{"site-sidebar-layout":"default","site-content-layout":"","ast-site-content-layout":"default","site-content-style":"default","site-sidebar-style":"default","ast-global-header-display":"","ast-banner-title-visibility":"","ast-main-header-display":"","ast-hfb-above-header-display":"","ast-hfb-below-header-display":"","ast-hfb-mobile-header-display":"","site-post-title":"","ast-breadcrumbs-content":"","ast-featured-img":"","footer-sml-layout":"","ast-disable-related-posts":"","theme-transparent-header-meta":"","adv-header-id-meta":"","stick-header-meta":"","header-above-stick-meta":"","header-main-stick-meta":"","header-below-stick-meta":"","astra-migrate-meta-layouts":"set","ast-page-background-enabled":"default","ast-page-background-meta":{"desktop":{"background-color":"var(--ast-global-color-4)","background-image":"","background-repeat":"repeat","background-position":"center center","background-size":"auto","background-attachment":"scroll","background-type":"","background-media":"","overlay-type":"","overlay-color":"","overlay-gradient":""},"tablet":{"background-color":"","background-image":"","background-repeat":"repeat","background-position":"center center","background-size":"auto","background-attachment":"scroll","background-type":"","background-media":"","overlay-type":"","overlay-color":"","overlay-gradient":""},"mobile":{"background-color":"","background-image":"","background-repeat":"repeat","background-position":"center center","background-size":"auto","background-attachment":"scroll","background-type":"","background-media":"","overlay-type":"","overlay-color":"","overlay-gradient":""}},"ast-content-background-meta":{"desktop":{"background-color":"var(--ast-global-color-5)","background-image":"","background-repeat":"repeat","background-position":"center center","background-size":"auto","background-attachment":"scroll","background-type":"","background-media":"","overlay-type":"","overlay-color":"","overlay-gradient":""},"tablet":{"background-color":"var(--ast-global-color-5)","background-image":"","background-repeat":"repeat","background-position":"center center","background-size":"auto","background-attachment":"scroll","background-type":"","background-media":"","overlay-type":"","overlay-color":"","overlay-gradient":""},"mobile":{"background-color":"var(--ast-global-color-5)","background-image":"","background-repeat":"repeat","background-position":"center center","background-size":"auto","background-attachment":"scroll","background-type":"","background-media":"","overlay-type":"","overlay-color":"","overlay-gradient":""}},"footnotes":""},"class_list":["post-2337","page","type-page","status-publish","hentry"],"_links":{"self":[{"href":"https:\/\/gppb.eu\/index.php\/wp-json\/wp\/v2\/pages\/2337","targetHints":{"allow":["GET"]}}],"collection":[{"href":"https:\/\/gppb.eu\/index.php\/wp-json\/wp\/v2\/pages"}],"about":[{"href":"https:\/\/gppb.eu\/index.php\/wp-json\/wp\/v2\/types\/page"}],"author":[{"embeddable":true,"href":"https:\/\/gppb.eu\/index.php\/wp-json\/wp\/v2\/users\/1"}],"replies":[{"embeddable":true,"href":"https:\/\/gppb.eu\/index.php\/wp-json\/wp\/v2\/comments?post=2337"}],"version-history":[{"count":12,"href":"https:\/\/gppb.eu\/index.php\/wp-json\/wp\/v2\/pages\/2337\/revisions"}],"predecessor-version":[{"id":3185,"href":"https:\/\/gppb.eu\/index.php\/wp-json\/wp\/v2\/pages\/2337\/revisions\/3185"}],"wp:attachment":[{"href":"https:\/\/gppb.eu\/index.php\/wp-json\/wp\/v2\/media?parent=2337"}],"curies":[{"name":"wp","href":"https:\/\/api.w.org\/{rel}","templated":true}]}}